{"id":724,"date":"2022-02-24T07:37:18","date_gmt":"2022-02-24T14:37:18","guid":{"rendered":"https:\/\/live-color-latina.pantheonsite.io\/?page_id=724"},"modified":"2025-12-15T11:03:31","modified_gmt":"2025-12-15T18:03:31","slug":"join-us","status":"publish","type":"page","link":"https:\/\/www.colorlatina.org\/es\/join-us\/","title":{"rendered":"\u00danase a nuestro movimiento por la justicia reproductiva"},"content":{"rendered":"<figure class=\"wp-block-gallery has-nested-images columns-4 is-cropped wp-block-gallery-1 is-layout-flex wp-block-gallery-is-layout-flex\">\n<figure class=\"wp-block-image size-large\"><img fetchpriority=\"high\" decoding=\"async\" width=\"1024\" height=\"683\" data-id=\"4892\" src=\"https:\/\/www.colorlatina.org\/wp-content\/uploads\/2024\/08\/LatinoAdvocacyDay_03.18.2024_Dac_18-1024x683.jpg\" alt=\"\" class=\"wp-image-4892\" srcset=\"https:\/\/www.colorlatina.org\/wp-content\/uploads\/2024\/08\/LatinoAdvocacyDay_03.18.2024_Dac_18-1024x683.jpg 1024w, https:\/\/www.colorlatina.org\/wp-content\/uploads\/2024\/08\/LatinoAdvocacyDay_03.18.2024_Dac_18-300x200.jpg 300w, https:\/\/www.colorlatina.org\/wp-content\/uploads\/2024\/08\/LatinoAdvocacyDay_03.18.2024_Dac_18-768x512.jpg 768w, https:\/\/www.colorlatina.org\/wp-content\/uploads\/2024\/08\/LatinoAdvocacyDay_03.18.2024_Dac_18-1536x1024.jpg 1536w, https:\/\/www.colorlatina.org\/wp-content\/uploads\/2024\/08\/LatinoAdvocacyDay_03.18.2024_Dac_18-2048x1365.jpg 2048w, https:\/\/www.colorlatina.org\/wp-content\/uploads\/2024\/08\/LatinoAdvocacyDay_03.18.2024_Dac_18-18x12.jpg 18w\" sizes=\"(max-width: 1024px) 100vw, 1024px\" \/><figcaption class=\"wp-element-caption\">Miembros de la comunidad marchando hacia el Capitolio en el D\u00eda de Defensa de los Latinos\/as.<\/figcaption><\/figure>\n\n\n\n<figure class=\"wp-block-image size-large\"><img decoding=\"async\" width=\"1024\" height=\"720\" data-id=\"4276\" src=\"https:\/\/www.colorlatina.org\/wp-content\/uploads\/2024\/05\/Screenshot-2024-05-03-at-11.44.48\u202fAM-1024x720.png\" alt=\"\" class=\"wp-image-4276\" srcset=\"https:\/\/www.colorlatina.org\/wp-content\/uploads\/2024\/05\/Screenshot-2024-05-03-at-11.44.48\u202fAM-1024x720.png 1024w, https:\/\/www.colorlatina.org\/wp-content\/uploads\/2024\/05\/Screenshot-2024-05-03-at-11.44.48\u202fAM-300x211.png 300w, https:\/\/www.colorlatina.org\/wp-content\/uploads\/2024\/05\/Screenshot-2024-05-03-at-11.44.48\u202fAM-768x540.png 768w, https:\/\/www.colorlatina.org\/wp-content\/uploads\/2024\/05\/Screenshot-2024-05-03-at-11.44.48\u202fAM-1536x1080.png 1536w, https:\/\/www.colorlatina.org\/wp-content\/uploads\/2024\/05\/Screenshot-2024-05-03-at-11.44.48\u202fAM-18x12.png 18w, https:\/\/www.colorlatina.org\/wp-content\/uploads\/2024\/05\/Screenshot-2024-05-03-at-11.44.48\u202fAM.png 1792w\" sizes=\"(max-width: 1024px) 100vw, 1024px\" \/><figcaption class=\"wp-element-caption\">Dos voluntarios ayudan a crear kits de sexo seguro. <\/figcaption><\/figure>\n\n\n\n<figure class=\"wp-block-image size-large\"><img decoding=\"async\" width=\"1024\" height=\"683\" data-id=\"5430\" src=\"https:\/\/www.colorlatina.org\/wp-content\/uploads\/2025\/04\/IMG_0151-1024x683.jpg\" alt=\"\" class=\"wp-image-5430\" srcset=\"https:\/\/www.colorlatina.org\/wp-content\/uploads\/2025\/04\/IMG_0151-1024x683.jpg 1024w, https:\/\/www.colorlatina.org\/wp-content\/uploads\/2025\/04\/IMG_0151-300x200.jpg 300w, https:\/\/www.colorlatina.org\/wp-content\/uploads\/2025\/04\/IMG_0151-768x512.jpg 768w, https:\/\/www.colorlatina.org\/wp-content\/uploads\/2025\/04\/IMG_0151-1536x1024.jpg 1536w, https:\/\/www.colorlatina.org\/wp-content\/uploads\/2025\/04\/IMG_0151-2048x1365.jpg 2048w, https:\/\/www.colorlatina.org\/wp-content\/uploads\/2025\/04\/IMG_0151-18x12.jpg 18w\" sizes=\"(max-width: 1024px) 100vw, 1024px\" \/><figcaption class=\"wp-element-caption\">El gobernador Polis convierte en ley la enmienda 79. <\/figcaption><\/figure>\n\n\n\n<figure class=\"wp-block-image size-large\"><img loading=\"lazy\" decoding=\"async\" width=\"1024\" height=\"683\" data-id=\"5497\" src=\"https:\/\/www.colorlatina.org\/wp-content\/uploads\/2025\/06\/37-_GXV8178-1024x683.jpg\" alt=\"\" class=\"wp-image-5497\" srcset=\"https:\/\/www.colorlatina.org\/wp-content\/uploads\/2025\/06\/37-_GXV8178-1024x683.jpg 1024w, https:\/\/www.colorlatina.org\/wp-content\/uploads\/2025\/06\/37-_GXV8178-300x200.jpg 300w, https:\/\/www.colorlatina.org\/wp-content\/uploads\/2025\/06\/37-_GXV8178-768x512.jpg 768w, https:\/\/www.colorlatina.org\/wp-content\/uploads\/2025\/06\/37-_GXV8178-1536x1024.jpg 1536w, https:\/\/www.colorlatina.org\/wp-content\/uploads\/2025\/06\/37-_GXV8178-2048x1365.jpg 2048w, https:\/\/www.colorlatina.org\/wp-content\/uploads\/2025\/06\/37-_GXV8178-18x12.jpg 18w\" sizes=\"(max-width: 1024px) 100vw, 1024px\" \/><figcaption class=\"wp-element-caption\">Los j\u00f3venes participantes se re\u00fanen en el D\u00eda de Defensa de los Latinos\/as. <\/figcaption><\/figure>\n\n\n\n<figure class=\"wp-block-image size-large\"><img loading=\"lazy\" decoding=\"async\" width=\"2560\" height=\"1919\" data-id=\"5504\" src=\"https:\/\/www.colorlatina.org\/wp-content\/uploads\/2025\/06\/IMG_0091-2-edited-scaled.jpg\" alt=\"\" class=\"wp-image-5504\" srcset=\"https:\/\/www.colorlatina.org\/wp-content\/uploads\/2025\/06\/IMG_0091-2-edited-scaled.jpg 2560w, https:\/\/www.colorlatina.org\/wp-content\/uploads\/2025\/06\/IMG_0091-2-edited-300x225.jpg 300w, https:\/\/www.colorlatina.org\/wp-content\/uploads\/2025\/06\/IMG_0091-2-edited-1024x768.jpg 1024w, https:\/\/www.colorlatina.org\/wp-content\/uploads\/2025\/06\/IMG_0091-2-edited-768x576.jpg 768w, https:\/\/www.colorlatina.org\/wp-content\/uploads\/2025\/06\/IMG_0091-2-edited-1536x1151.jpg 1536w, https:\/\/www.colorlatina.org\/wp-content\/uploads\/2025\/06\/IMG_0091-2-edited-2048x1535.jpg 2048w, https:\/\/www.colorlatina.org\/wp-content\/uploads\/2025\/06\/IMG_0091-2-edited-16x12.jpg 16w\" sizes=\"(max-width: 2560px) 100vw, 2560px\" \/><figcaption class=\"wp-element-caption\">Miembros de la comunidad en nuestra serie de talleres, La Pl\u00e1tica.<\/figcaption><\/figure>\n\n\n\n<figure class=\"wp-block-image size-large\"><img loading=\"lazy\" decoding=\"async\" width=\"768\" height=\"1024\" data-id=\"5500\" src=\"https:\/\/www.colorlatina.org\/wp-content\/uploads\/2025\/06\/IMG_0173-1-768x1024.jpg\" alt=\"\" class=\"wp-image-5500\" srcset=\"https:\/\/www.colorlatina.org\/wp-content\/uploads\/2025\/06\/IMG_0173-1-768x1024.jpg 768w, https:\/\/www.colorlatina.org\/wp-content\/uploads\/2025\/06\/IMG_0173-1-225x300.jpg 225w, https:\/\/www.colorlatina.org\/wp-content\/uploads\/2025\/06\/IMG_0173-1-1152x1536.jpg 1152w, https:\/\/www.colorlatina.org\/wp-content\/uploads\/2025\/06\/IMG_0173-1-9x12.jpg 9w, https:\/\/www.colorlatina.org\/wp-content\/uploads\/2025\/06\/IMG_0173-1.jpg 1536w\" sizes=\"(max-width: 768px) 100vw, 768px\" \/><figcaption class=\"wp-element-caption\">Participantes de LIPS protestan para proteger la mifepristona en la Corte Suprema de Estados Unidos. <\/figcaption><\/figure>\n\n\n\n<figure class=\"wp-block-image size-large\"><img loading=\"lazy\" decoding=\"async\" width=\"1024\" height=\"762\" data-id=\"5501\" src=\"https:\/\/www.colorlatina.org\/wp-content\/uploads\/2025\/06\/Screenshot-2025-06-03-at-12.18.53-PM-1024x762.png\" alt=\"\" class=\"wp-image-5501\" srcset=\"https:\/\/www.colorlatina.org\/wp-content\/uploads\/2025\/06\/Screenshot-2025-06-03-at-12.18.53-PM-1024x762.png 1024w, https:\/\/www.colorlatina.org\/wp-content\/uploads\/2025\/06\/Screenshot-2025-06-03-at-12.18.53-PM-300x223.png 300w, https:\/\/www.colorlatina.org\/wp-content\/uploads\/2025\/06\/Screenshot-2025-06-03-at-12.18.53-PM-768x572.png 768w, https:\/\/www.colorlatina.org\/wp-content\/uploads\/2025\/06\/Screenshot-2025-06-03-at-12.18.53-PM-16x12.png 16w, https:\/\/www.colorlatina.org\/wp-content\/uploads\/2025\/06\/Screenshot-2025-06-03-at-12.18.53-PM.png 1456w\" sizes=\"(max-width: 1024px) 100vw, 1024px\" \/><figcaption class=\"wp-element-caption\">Voluntarios posando despu\u00e9s de hacer campa\u00f1a en la comunidad. <\/figcaption><\/figure>\n\n\n\n<figure class=\"wp-block-image size-large\"><img loading=\"lazy\" decoding=\"async\" width=\"768\" height=\"1024\" data-id=\"5502\" src=\"https:\/\/www.colorlatina.org\/wp-content\/uploads\/2025\/06\/1c37e644-d005-467e-ab13-1dcde7d501b3-3-768x1024.jpg\" alt=\"\" class=\"wp-image-5502\" srcset=\"https:\/\/www.colorlatina.org\/wp-content\/uploads\/2025\/06\/1c37e644-d005-467e-ab13-1dcde7d501b3-3-768x1024.jpg 768w, https:\/\/www.colorlatina.org\/wp-content\/uploads\/2025\/06\/1c37e644-d005-467e-ab13-1dcde7d501b3-3-225x300.jpg 225w, https:\/\/www.colorlatina.org\/wp-content\/uploads\/2025\/06\/1c37e644-d005-467e-ab13-1dcde7d501b3-3-1152x1536.jpg 1152w, https:\/\/www.colorlatina.org\/wp-content\/uploads\/2025\/06\/1c37e644-d005-467e-ab13-1dcde7d501b3-3-9x12.jpg 9w, https:\/\/www.colorlatina.org\/wp-content\/uploads\/2025\/06\/1c37e644-d005-467e-ab13-1dcde7d501b3-3.jpg 1536w\" sizes=\"(max-width: 768px) 100vw, 768px\" \/><figcaption class=\"wp-element-caption\">Los estudiantes visitan la mesa de COLOR suscribi\u00e9ndose a nuestro bolet\u00edn.<\/figcaption><\/figure>\n<\/figure>\n\n\n\n<hr class=\"wp-block-separator has-alpha-channel-opacity\"\/>\n\n\n\n<h2 class=\"wp-block-heading has-text-align-center\"><strong>Dona a COLOR<\/strong><\/h2>\n\n\n\n<p class=\"has-text-align-center\">Recursos del poder liderado por latinas. Cada d\u00f3lar nos acerca a un futuro basado en la justicia y el cuidado.<\/p>\n\n\n\n<div class=\"wp-block-buttons is-content-justification-center is-layout-flex wp-container-core-buttons-is-layout-a89b3969 wp-block-buttons-is-layout-flex\">\n<div class=\"wp-block-button is-style-outline is-style-outline--2\"><a class=\"wp-block-button__link has-text-align-center wp-element-button\" href=\"https:\/\/secure.actblue.com\/donate\/latine-led\">Donar aqu\u00ed<\/a><\/div>\n<\/div>\n\n\n\n<div style=\"height:35px\" aria-hidden=\"true\" class=\"wp-block-spacer\"><\/div>\n\n\n\n<h2 class=\"wp-block-heading has-text-align-center\"><strong>Suscr\u00edbete a nuestros correos electr\u00f3nicos<\/strong> <strong>y Textos<\/strong><\/h2>\n\n\n\n<p class=\"has-text-align-center\">Mant\u00e9ngase informado e inspirado. Reciba actualizaciones, historias y maneras de actuar.&nbsp;<\/p>\n\n\n\n<div class=\"wp-block-buttons is-content-justification-center is-layout-flex wp-container-core-buttons-is-layout-a89b3969 wp-block-buttons-is-layout-flex\">\n<div class=\"wp-block-button is-style-outline is-style-outline--3\"><a class=\"wp-block-button__link wp-element-button\" href=\"https:\/\/actionnetwork.org\/forms\/join-our-movement-for-reproductive-justice?clear_id=true\">Suscr\u00edbete hoy<\/a><\/div>\n<\/div>\n\n\n\n<div style=\"height:35px\" aria-hidden=\"true\" class=\"wp-block-spacer\"><\/div>\n\n\n\n<h2 class=\"wp-block-heading has-text-align-center\"><strong>Comparte tu historia<\/strong><\/h2>\n\n\n\n<p class=\"has-text-align-center\">Tu voz es poder. \u00a1Comparte tu historia con nosotros y genera un impacto con tu voz!&nbsp;<\/p>\n\n\n\n<div class=\"wp-block-buttons is-content-justification-center is-layout-flex wp-container-core-buttons-is-layout-a89b3969 wp-block-buttons-is-layout-flex\">\n<div class=\"wp-block-button is-style-outline is-style-outline--4\"><a class=\"wp-block-button__link wp-element-button\" href=\"https:\/\/actionnetwork.org\/forms\/la-repro-justice-warrior?source=direct_link&amp;\">Convi\u00e9rtete en un narrador de historias<\/a><\/div>\n<\/div>\n\n\n\n<div style=\"height:35px\" aria-hidden=\"true\" class=\"wp-block-spacer\"><\/div>\n\n\n\n<h2 class=\"wp-block-heading has-text-align-center\"><strong>Compra nuestra mercanc\u00eda<\/strong><\/h2>\n\n\n\n<p class=\"has-text-align-center\">\u00a1Visita nuestra tienda oficial de productos y compra nuestros geniales dise\u00f1os! &nbsp;<\/p>\n\n\n\n<div class=\"wp-block-buttons is-content-justification-center is-layout-flex wp-container-core-buttons-is-layout-a89b3969 wp-block-buttons-is-layout-flex\">\n<div class=\"wp-block-button is-style-outline is-style-outline--5\"><a class=\"wp-block-button__link wp-element-button\" href=\"https:\/\/www.bonfire.com\/store\/color-latina\/\">Compra ahora<\/a><\/div>\n<\/div>\n\n\n\n<p><\/p>","protected":false},"excerpt":{"rendered":"<p>Dona Recursos. Poder liderado por latinas. Cada d\u00f3lar nos acerca a un futuro basado en la justicia y el cuidado. Suscr\u00edbete a nuestros correos electr\u00f3nicos y mensajes de texto. Mantente informado e inspirado. Recibe actualizaciones, historias, [\u2026]<\/p>","protected":false},"author":1,"featured_media":0,"parent":0,"menu_order":0,"comment_status":"closed","ping_status":"closed","template":"","meta":{"footnotes":""},"class_list":["post-724","page","type-page","status-publish","hentry"],"yoast_head":"<!-- This site is optimized with the Yoast SEO plugin v26.0 - https:\/\/yoast.com\/wordpress\/plugins\/seo\/ -->\n<title>Join Our Movement for Reproductive Justice - COLOR Latina<\/title>\n<meta name=\"robots\" content=\"index, follow, max-snippet:-1, max-image-preview:large, max-video-preview:-1\" \/>\n<link rel=\"canonical\" href=\"https:\/\/www.colorlatina.org\/es\/join-us\/\" \/>\n<meta property=\"og:locale\" content=\"es_MX\" \/>\n<meta property=\"og:type\" content=\"article\" \/>\n<meta property=\"og:title\" content=\"Join Our Movement for Reproductive Justice - COLOR Latina\" \/>\n<meta property=\"og:description\" content=\"Donate Resource Latina-led power. Every dollar moves us closer to a future rooted in justice and care. Subscribe to Our Emails and Texts Stay informed and inspired. Get updates, stories, [&hellip;]\" \/>\n<meta property=\"og:url\" content=\"https:\/\/www.colorlatina.org\/es\/join-us\/\" \/>\n<meta property=\"og:site_name\" content=\"COLOR Latina\" \/>\n<meta property=\"article:modified_time\" content=\"2025-12-15T18:03:31+00:00\" \/>\n<meta property=\"og:image\" content=\"https:\/\/www.colorlatina.org\/wp-content\/uploads\/2024\/08\/LatinoAdvocacyDay_03.18.2024_Dac_18-scaled.jpg\" \/>\n\t<meta property=\"og:image:width\" content=\"2560\" \/>\n\t<meta property=\"og:image:height\" content=\"1707\" \/>\n\t<meta property=\"og:image:type\" content=\"image\/jpeg\" \/>\n<meta name=\"twitter:card\" content=\"summary_large_image\" \/>\n<meta name=\"twitter:label1\" content=\"Tiempo de lectura\" \/>\n\t<meta name=\"twitter:data1\" content=\"3 minutos\" \/>\n<script type=\"application\/ld+json\" class=\"yoast-schema-graph\">{\"@context\":\"https:\/\/schema.org\",\"@graph\":[{\"@type\":\"WebPage\",\"@id\":\"https:\/\/www.colorlatina.org\/join-us\/\",\"url\":\"https:\/\/www.colorlatina.org\/join-us\/\",\"name\":\"Join Our Movement for Reproductive Justice - COLOR Latina\",\"isPartOf\":{\"@id\":\"https:\/\/www.colorlatina.org\/#website\"},\"primaryImageOfPage\":{\"@id\":\"https:\/\/www.colorlatina.org\/join-us\/#primaryimage\"},\"image\":{\"@id\":\"https:\/\/www.colorlatina.org\/join-us\/#primaryimage\"},\"thumbnailUrl\":\"https:\/\/www.colorlatina.org\/wp-content\/uploads\/2024\/08\/LatinoAdvocacyDay_03.18.2024_Dac_18-1024x683.jpg\",\"datePublished\":\"2022-02-24T14:37:18+00:00\",\"dateModified\":\"2025-12-15T18:03:31+00:00\",\"breadcrumb\":{\"@id\":\"https:\/\/www.colorlatina.org\/join-us\/#breadcrumb\"},\"inLanguage\":\"es\",\"potentialAction\":[{\"@type\":\"ReadAction\",\"target\":[\"https:\/\/www.colorlatina.org\/join-us\/\"]}]},{\"@type\":\"ImageObject\",\"inLanguage\":\"es\",\"@id\":\"https:\/\/www.colorlatina.org\/join-us\/#primaryimage\",\"url\":\"https:\/\/www.colorlatina.org\/wp-content\/uploads\/2024\/08\/LatinoAdvocacyDay_03.18.2024_Dac_18-1024x683.jpg\",\"contentUrl\":\"https:\/\/www.colorlatina.org\/wp-content\/uploads\/2024\/08\/LatinoAdvocacyDay_03.18.2024_Dac_18-1024x683.jpg\"},{\"@type\":\"BreadcrumbList\",\"@id\":\"https:\/\/www.colorlatina.org\/join-us\/#breadcrumb\",\"itemListElement\":[{\"@type\":\"ListItem\",\"position\":1,\"name\":\"Home\",\"item\":\"https:\/\/www.colorlatina.org\/\"},{\"@type\":\"ListItem\",\"position\":2,\"name\":\"Join Our Movement for Reproductive Justice\"}]},{\"@type\":\"WebSite\",\"@id\":\"https:\/\/www.colorlatina.org\/#website\",\"url\":\"https:\/\/www.colorlatina.org\/\",\"name\":\"COLOR Latina\",\"description\":\"\",\"publisher\":{\"@id\":\"https:\/\/www.colorlatina.org\/#organization\"},\"potentialAction\":[{\"@type\":\"SearchAction\",\"target\":{\"@type\":\"EntryPoint\",\"urlTemplate\":\"https:\/\/www.colorlatina.org\/?s={search_term_string}\"},\"query-input\":{\"@type\":\"PropertyValueSpecification\",\"valueRequired\":true,\"valueName\":\"search_term_string\"}}],\"inLanguage\":\"es\"},{\"@type\":\"Organization\",\"@id\":\"https:\/\/www.colorlatina.org\/#organization\",\"name\":\"COLOR Latina\",\"url\":\"https:\/\/www.colorlatina.org\/\",\"logo\":{\"@type\":\"ImageObject\",\"inLanguage\":\"es\",\"@id\":\"https:\/\/www.colorlatina.org\/#\/schema\/logo\/image\/\",\"url\":\"https:\/\/live-color-latina.pantheonsite.io\/wp-content\/uploads\/2022\/04\/color-latina-fb.jpg\",\"contentUrl\":\"https:\/\/live-color-latina.pantheonsite.io\/wp-content\/uploads\/2022\/04\/color-latina-fb.jpg\",\"width\":1200,\"height\":630,\"caption\":\"COLOR Latina\"},\"image\":{\"@id\":\"https:\/\/www.colorlatina.org\/#\/schema\/logo\/image\/\"}}]}<\/script>\n<!-- \/ Yoast SEO plugin. -->","yoast_head_json":{"title":"\u00danete a nuestro movimiento por la justicia reproductiva - COLOR Latina","robots":{"index":"index","follow":"follow","max-snippet":"max-snippet:-1","max-image-preview":"max-image-preview:large","max-video-preview":"max-video-preview:-1"},"canonical":"https:\/\/www.colorlatina.org\/es\/join-us\/","og_locale":"es_MX","og_type":"article","og_title":"Join Our Movement for Reproductive Justice - COLOR Latina","og_description":"Donate Resource Latina-led power. Every dollar moves us closer to a future rooted in justice and care. Subscribe to Our Emails and Texts Stay informed and inspired. Get updates, stories, [&hellip;]","og_url":"https:\/\/www.colorlatina.org\/es\/join-us\/","og_site_name":"COLOR Latina","article_modified_time":"2025-12-15T18:03:31+00:00","og_image":[{"width":2560,"height":1707,"url":"https:\/\/www.colorlatina.org\/wp-content\/uploads\/2024\/08\/LatinoAdvocacyDay_03.18.2024_Dac_18-scaled.jpg","type":"image\/jpeg"}],"twitter_card":"summary_large_image","twitter_misc":{"Tiempo de lectura":"3 minutos"},"schema":{"@context":"https:\/\/schema.org","@graph":[{"@type":"WebPage","@id":"https:\/\/www.colorlatina.org\/join-us\/","url":"https:\/\/www.colorlatina.org\/join-us\/","name":"\u00danete a nuestro movimiento por la justicia reproductiva - COLOR Latina","isPartOf":{"@id":"https:\/\/www.colorlatina.org\/#website"},"primaryImageOfPage":{"@id":"https:\/\/www.colorlatina.org\/join-us\/#primaryimage"},"image":{"@id":"https:\/\/www.colorlatina.org\/join-us\/#primaryimage"},"thumbnailUrl":"https:\/\/www.colorlatina.org\/wp-content\/uploads\/2024\/08\/LatinoAdvocacyDay_03.18.2024_Dac_18-1024x683.jpg","datePublished":"2022-02-24T14:37:18+00:00","dateModified":"2025-12-15T18:03:31+00:00","breadcrumb":{"@id":"https:\/\/www.colorlatina.org\/join-us\/#breadcrumb"},"inLanguage":"es","potentialAction":[{"@type":"ReadAction","target":["https:\/\/www.colorlatina.org\/join-us\/"]}]},{"@type":"ImageObject","inLanguage":"es","@id":"https:\/\/www.colorlatina.org\/join-us\/#primaryimage","url":"https:\/\/www.colorlatina.org\/wp-content\/uploads\/2024\/08\/LatinoAdvocacyDay_03.18.2024_Dac_18-1024x683.jpg","contentUrl":"https:\/\/www.colorlatina.org\/wp-content\/uploads\/2024\/08\/LatinoAdvocacyDay_03.18.2024_Dac_18-1024x683.jpg"},{"@type":"BreadcrumbList","@id":"https:\/\/www.colorlatina.org\/join-us\/#breadcrumb","itemListElement":[{"@type":"ListItem","position":1,"name":"Home","item":"https:\/\/www.colorlatina.org\/"},{"@type":"ListItem","position":2,"name":"Join Our Movement for Reproductive Justice"}]},{"@type":"WebSite","@id":"https:\/\/www.colorlatina.org\/#website","url":"https:\/\/www.colorlatina.org\/","name":"COLOR Latina","description":"","publisher":{"@id":"https:\/\/www.colorlatina.org\/#organization"},"potentialAction":[{"@type":"SearchAction","target":{"@type":"EntryPoint","urlTemplate":"https:\/\/www.colorlatina.org\/?s={search_term_string}"},"query-input":{"@type":"PropertyValueSpecification","valueRequired":true,"valueName":"search_term_string"}}],"inLanguage":"es"},{"@type":"Organization","@id":"https:\/\/www.colorlatina.org\/#organization","name":"COLOR Latina","url":"https:\/\/www.colorlatina.org\/","logo":{"@type":"ImageObject","inLanguage":"es","@id":"https:\/\/www.colorlatina.org\/#\/schema\/logo\/image\/","url":"https:\/\/live-color-latina.pantheonsite.io\/wp-content\/uploads\/2022\/04\/color-latina-fb.jpg","contentUrl":"https:\/\/live-color-latina.pantheonsite.io\/wp-content\/uploads\/2022\/04\/color-latina-fb.jpg","width":1200,"height":630,"caption":"COLOR Latina"},"image":{"@id":"https:\/\/www.colorlatina.org\/#\/schema\/logo\/image\/"}}]}},"_links":{"self":[{"href":"https:\/\/www.colorlatina.org\/es\/wp-json\/wp\/v2\/pages\/724","targetHints":{"allow":["GET"]}}],"collection":[{"href":"https:\/\/www.colorlatina.org\/es\/wp-json\/wp\/v2\/pages"}],"about":[{"href":"https:\/\/www.colorlatina.org\/es\/wp-json\/wp\/v2\/types\/page"}],"author":[{"embeddable":true,"href":"https:\/\/www.colorlatina.org\/es\/wp-json\/wp\/v2\/users\/1"}],"replies":[{"embeddable":true,"href":"https:\/\/www.colorlatina.org\/es\/wp-json\/wp\/v2\/comments?post=724"}],"version-history":[{"count":27,"href":"https:\/\/www.colorlatina.org\/es\/wp-json\/wp\/v2\/pages\/724\/revisions"}],"predecessor-version":[{"id":6317,"href":"https:\/\/www.colorlatina.org\/es\/wp-json\/wp\/v2\/pages\/724\/revisions\/6317"}],"wp:attachment":[{"href":"https:\/\/www.colorlatina.org\/es\/wp-json\/wp\/v2\/media?parent=724"}],"curies":[{"name":"wp","href":"https:\/\/api.w.org\/{rel}","templated":true}]}}