{"id":3358,"date":"2023-02-02T10:37:41","date_gmt":"2023-02-02T17:37:41","guid":{"rendered":"https:\/\/www.colorlatina.org\/?post_type=tribe_events&#038;p=3358"},"modified":"2023-04-19T14:24:01","modified_gmt":"2023-04-19T20:24:01","slug":"3358","status":"publish","type":"tribe_events","link":"https:\/\/www.colorlatina.org\/es\/event\/3358\/","title":{"rendered":"\u00a1Celebremos con nosotros 25 a\u00f1os de Justicia Reproductiva!"},"content":{"rendered":"<h1 class=\"has-luminous-vivid-orange-color has-text-color has-medium-font-size\"><strong>\u00a1La venta de entradas para este evento est\u00e1 oficialmente cerrada! Puedes hacer clic aqu\u00ed y a\u00fan... <a href=\"https:\/\/secure.everyaction.com\/mwrTK14iVUu0KdCLzDgdTA2\">Convi\u00e9rtete en patrocinador<\/a> o <a href=\"https:\/\/secure.everyaction.com\/MrgKRNNy-kmySutDOr2Khw2\">Haz una donaci\u00f3n a COLOR hoy<\/a>.<\/strong><\/h1>\r\n<p>El 27 de abril de 2023 celebraremos\u00a0<strong>\u00a125 a\u00f1os de Justicia Reproductiva en Colorado!<\/strong>\u00a0Nos entusiasma celebrar este hito con usted y nuestra comunidad de simpatizantes, quienes han invertido en el trabajo de nuestra organizaci\u00f3n y en el futuro de Colorado. Nuestro movimiento por la Justicia Reproductiva ha demostrado lo que significa luchar por la justicia y la autodeterminaci\u00f3n de TODOS los coloradenses. Especialmente despu\u00e9s de la revocaci\u00f3n de...\u00a0<em>Hueva\u00a0<\/em>el pasado mes de junio, que elimin\u00f3 el derecho al aborto a nivel nacional.\u00a0<\/p>\r\n<p><strong><em>Pero eso no nos detuvo, y no nos impedir\u00e1 seguir protegiendo, ampliando y apoyando la gama completa de atenci\u00f3n para todos.<\/em><\/strong> Hace veinticinco a\u00f1os, nuestras Madrinas, las Madres Fundadoras de COLOR, imaginaron un mundo donde la comunidad latina pudiera llevar vidas exitosas y autodeterminadas mediante un enfoque interseccional basado en el marco de los derechos humanos. En abril de 1998, fundaron COLOR como una voz a favor de la Justicia Reproductiva en Colorado. Como la primera organizaci\u00f3n de justicia reproductiva liderada por latinas en el estado, celebramos este incre\u00edble hito y proyectamos nuestra visi\u00f3n hacia el futuro. Como la \u00fanica organizaci\u00f3n de Justicia Reproductiva liderada por latinas en Colorado, trabajamos para promover la justicia reproductiva para todas las personas en nuestro estado. El enfoque de COLOR se centra en la interseccionalidad, con la convicci\u00f3n de que ninguna persona vive una vida centrada en un solo problema.<strong>\u00a0<\/strong>Desafiamos las barreras que impiden a nuestra comunidad llevar una vida exitosa y autodeterminada promoviendo la justicia ambiental, la justicia econ\u00f3mica, la justicia racial, los derechos de los inmigrantes y la liberaci\u00f3n LGBTQIA+.<strong>\u00a0<\/strong><\/p>\r\n<p><strong>COLOR contin\u00faa fortaleciendo y agudizando nuestra capacidad para proteger la autonom\u00eda reproductiva y las libertades de los latinos en nuestro estado. Todas y cada una de las personas merecen su derecho a la autodeterminaci\u00f3n con ferocidad y justicia. Y merecemos celebrar nuestras victorias e imaginar un futuro mejor para nuestra comunidad.<\/strong> \u00a1Est\u00e1s invitado a celebrar 25 a\u00f1os de Justicia Reproductiva! Para\u00a0<span class=\"il\">25<\/span>\u00a0<span class=\"il\">a\u00f1os<\/span>COLOR ha sido l\u00edder en el apoyo a una vida segura, saludable y autodeterminada de todos los habitantes de Colorado.\u00a0<strong>Y\u00a0<\/strong><strong>\u00a1Este abril, te invitamos a celebrar este hito trascendental con nosotros!<\/strong><\/p>\r\n<p>Al conmemorar los 25 a\u00f1os de nuestra fundaci\u00f3n, mantenemos nuestro compromiso con un futuro sostenible para nuestra comunidad y sabemos que estamos comprometidos a llevar la voz de la justicia reproductiva por otros 25 a\u00f1os. La justicia reproductiva es para la liberaci\u00f3n de nuestra comunidad, \u00a1y el COLOR lleg\u00f3 para quedarse!<\/p>\r\n\r\n<p><strong>Bebidas de autor y m\u00fasica en vivo de Grupo Kaoba y DJ Cyn.<\/strong> Camisetas y art\u00edculos exclusivos con dise\u00f1os a COLOR de Liberal Jane. Ropa de c\u00f3ctel. Se ofrecer\u00e1 cerveza y vino. Barra libre para c\u00f3cteles.<\/p>\r\n\r\n\r\n\r\n<p><strong>Una pintura original seleccionada para COLOR por el artista local Xencs para subasta<\/strong>Se proporcionar\u00e1 un n\u00famero limitado de impresiones a los poseedores de entradas VIP.<strong>! <\/strong><\/p>\r\n\r\n\r\n\r\n<p><strong>La vestimenta para este evento es c\u00f3ctel. <\/strong><em>Si necesita adaptaciones, env\u00edenos un correo electr\u00f3nico a <\/em><a href=\"mailto:info@colorlatina.org\"><em>Correo electr\u00f3nico<\/em><\/a><\/p>\r\n\r\n<p class=\"has-luminous-vivid-orange-color has-text-color has-large-font-size\"><strong>Convi\u00e9rtese en patrocinador<\/strong><\/p>\r\n<p>\u00a1Celebra 25 a\u00f1os de Justicia Reproductiva y patrocina el 25.\u00ba aniversario de COLOR! El 27 de abril de 2023, \u00fanete a nosotros para celebrar.\u00a0<strong>\u00a125 a\u00f1os de Justicia Reproductiva en Colorado!<\/strong>\u00a0Nos entusiasma celebrar este hito con usted y nuestra comunidad de seguidores que han invertido en nuestra organizaci\u00f3n y en el futuro de Colorado. Esperamos que nos acompa\u00f1e en esta noche de celebraci\u00f3n con m\u00fasica en vivo, comida, bebidas, baile y la presencia de m\u00e1s de 300 miembros de la comunidad.<\/p>\r\n<ul>\r\n<li><strong>Cuando:<\/strong>\u00a027 de abril de 2023 de 17:30 a 22:00 horas<\/li>\r\n<li><strong>D\u00f3nde:<\/strong>\u00a0Tragaluz, 833 Santa Fe Dr, Denver, CO 80204<\/li>\r\n<li><strong>OMS:<\/strong>\u00a0\u00a1Cientos de activistas y simpatizantes de la comunidad y de la justicia reproductiva de todo Colorado se unir\u00e1n a nosotros para celebrar los 25 a\u00f1os de RJ!<\/li>\r\n<\/ul>\r\n<p class=\"has-luminous-vivid-orange-color has-text-color\"><strong>Niveles<\/strong>:<\/p>\r\n<p>$25,000 \u2013 Patrocinador Sol Dorado $15,000 \u2013 Patrocinador Justicia $5,000 \u2013 Patrocinador Estrella en Ascenso $2,500 \u2013 Patrocinador Comunitario Beneficios para cada uno:<\/p>\r\n<ul>\r\n<li>Sol Dorado: 4\u00a0<strong>Entradas VIP<\/strong>Menci\u00f3n especial en el evento, logotipo exhibido en AV, logotipo grande en el programa, 2 lugares de estacionamiento VIP<\/li>\r\n<li>Patrocinador de Justicia: 3 entradas, menci\u00f3n especial en el evento, logotipo mostrado en AV, logotipo listado en el programa, 1 estacionamiento vip<\/li>\r\n<li>Estrella en ascenso: 2 entradas, nombre indicado en el programa y AV<\/li>\r\n<li>Patrocinador de la comunidad: 1 boleto, nombre incluido en el programa y AV<\/li>\r\n<\/ul>\r\n<figure class=\"wp-block-table\">\r\n<table>\r\n<tbody>\r\n<tr>\r\n<td>\u00a0<\/td>\r\n<td>Sol Dorado $25,000<\/td>\r\n<td>Patrocinador de Justicia $15,000<\/td>\r\n<td>Estrella en ascenso $5,000<\/td>\r\n<td>Patrocinador comunitario $2,500<\/td>\r\n<\/tr>\r\n<tr>\r\n<td>Entrada<\/td>\r\n<td>4 entradas VIP*<\/td>\r\n<td>3 entradas regulares<\/td>\r\n<td>3 entradas regulares<\/td>\r\n<td>1 entrada regular<\/td>\r\n<\/tr>\r\n<tr>\r\n<td>Menci\u00f3n especial en el evento<\/td>\r\n<td><img decoding=\"async\" class=\"emoji\" role=\"img\" draggable=\"false\" src=\"https:\/\/s.w.org\/images\/core\/emoji\/14.0.0\/svg\/2714.svg\" alt=\"\u2714\" \/><\/td>\r\n<td><img decoding=\"async\" class=\"emoji\" role=\"img\" draggable=\"false\" src=\"https:\/\/s.w.org\/images\/core\/emoji\/14.0.0\/svg\/2714.svg\" alt=\"\u2714\" \/><\/td>\r\n<td>\u00a0<\/td>\r\n<td>\u00a0<\/td>\r\n<\/tr>\r\n<tr>\r\n<td>Logotipo mostrado en AV<\/td>\r\n<td><img decoding=\"async\" class=\"emoji\" role=\"img\" draggable=\"false\" src=\"https:\/\/s.w.org\/images\/core\/emoji\/14.0.0\/svg\/2714.svg\" alt=\"\u2714\" \/><\/td>\r\n<td><img decoding=\"async\" class=\"emoji\" role=\"img\" draggable=\"false\" src=\"https:\/\/s.w.org\/images\/core\/emoji\/14.0.0\/svg\/2714.svg\" alt=\"\u2714\" \/><\/td>\r\n<td><img decoding=\"async\" class=\"emoji\" role=\"img\" draggable=\"false\" src=\"https:\/\/s.w.org\/images\/core\/emoji\/14.0.0\/svg\/2714.svg\" alt=\"\u2714\" \/><\/td>\r\n<td><img decoding=\"async\" class=\"emoji\" role=\"img\" draggable=\"false\" src=\"https:\/\/s.w.org\/images\/core\/emoji\/14.0.0\/svg\/2714.svg\" alt=\"\u2714\" \/><\/td>\r\n<\/tr>\r\n<tr>\r\n<td>Logotipo que aparece en el programa<\/td>\r\n<td><img decoding=\"async\" class=\"emoji\" role=\"img\" draggable=\"false\" src=\"https:\/\/s.w.org\/images\/core\/emoji\/14.0.0\/svg\/2714.svg\" alt=\"\u2714\" \/><\/td>\r\n<td><img decoding=\"async\" class=\"emoji\" role=\"img\" draggable=\"false\" src=\"https:\/\/s.w.org\/images\/core\/emoji\/14.0.0\/svg\/2714.svg\" alt=\"\u2714\" \/><\/td>\r\n<td><img decoding=\"async\" class=\"emoji\" role=\"img\" draggable=\"false\" src=\"https:\/\/s.w.org\/images\/core\/emoji\/14.0.0\/svg\/2714.svg\" alt=\"\u2714\" \/><\/td>\r\n<td><img decoding=\"async\" class=\"emoji\" role=\"img\" draggable=\"false\" src=\"https:\/\/s.w.org\/images\/core\/emoji\/14.0.0\/svg\/2714.svg\" alt=\"\u2714\" \/><\/td>\r\n<\/tr>\r\n<tr>\r\n<td>Aparcamiento VIP<\/td>\r\n<td>2 plazas de aparcamiento<\/td>\r\n<td>1 plaza de aparcamiento<\/td>\r\n<td>\u00a0<\/td>\r\n<td>\u00a0<\/td>\r\n<\/tr>\r\n<\/tbody>\r\n<\/table>\r\n<\/figure>\r\n<p><em>*Las entradas VIP incluir\u00e1n una impresi\u00f3n del artista y la entrada, adem\u00e1s de un boleto para una bebida.<\/em> <a href=\"https:\/\/secure.everyaction.com\/mwrTK14iVUu0KdCLzDgdTA2\"><strong>\u00a1Haga clic aqu\u00ed o cont\u00e1ctenos a info@colorlatina.org para convertirse en patrocinador!\u00a0<\/strong><\/a><\/p>","protected":false},"excerpt":{"rendered":"<p>Ticket sales are officially closed for this event! You can click here and still become a sponsor or make a donation to COLOR today. On April 27, 2023, we will [&hellip;]<\/p>","protected":false},"author":1,"featured_media":3429,"template":"","meta":{"_tribe_events_status":"","_tribe_events_status_reason":"","_tribe_events_is_hybrid":"","_tribe_events_is_virtual":"","_tribe_events_virtual_video_source":"","_tribe_events_virtual_embed_video":"","_tribe_events_virtual_linked_button_text":"","_tribe_events_virtual_linked_button":"","_tribe_events_virtual_show_embed_at":"","_tribe_events_virtual_show_embed_to":[],"_tribe_events_virtual_show_on_event":"","_tribe_events_virtual_show_on_views":"","_tribe_events_virtual_url":"","footnotes":""},"tags":[],"tribe_events_cat":[],"class_list":["post-3358","tribe_events","type-tribe_events","status-publish","has-post-thumbnail","hentry"],"yoast_head":"<!-- This site is optimized with the Yoast SEO plugin v26.0 - https:\/\/yoast.com\/wordpress\/plugins\/seo\/ -->\n<title>Celebrate 25 years of Reproductive Justice with us! - COLOR Latina<\/title>\n<meta name=\"robots\" content=\"index, follow, max-snippet:-1, max-image-preview:large, max-video-preview:-1\" \/>\n<link rel=\"canonical\" href=\"http:\/\/www.colorlatina.org\/es\/event\/3358\/\" \/>\n<meta property=\"og:locale\" content=\"es_MX\" \/>\n<meta property=\"og:type\" content=\"article\" \/>\n<meta property=\"og:title\" content=\"Celebrate 25 years of Reproductive Justice with us! - COLOR Latina\" \/>\n<meta property=\"og:description\" content=\"Ticket sales are officially closed for this event! You can click here and still become a sponsor or make a donation to COLOR today. On April 27, 2023, we will [&hellip;]\" \/>\n<meta property=\"og:url\" content=\"http:\/\/www.colorlatina.org\/es\/event\/3358\/\" \/>\n<meta property=\"og:site_name\" content=\"COLOR Latina\" \/>\n<meta property=\"article:modified_time\" content=\"2023-04-19T20:24:01+00:00\" \/>\n<meta property=\"og:image\" content=\"http:\/\/www.colorlatina.org\/wp-content\/uploads\/2023\/03\/COLORxLiberalJane-Illustration-1024x791.png\" \/>\n\t<meta property=\"og:image:width\" content=\"1024\" \/>\n\t<meta property=\"og:image:height\" content=\"791\" \/>\n\t<meta property=\"og:image:type\" content=\"image\/png\" \/>\n<meta name=\"twitter:card\" content=\"summary_large_image\" \/>\n<meta name=\"twitter:label1\" content=\"Tiempo de lectura\" \/>\n\t<meta name=\"twitter:data1\" content=\"6 minutos\" \/>\n<script type=\"application\/ld+json\" class=\"yoast-schema-graph\">{\"@context\":\"https:\/\/schema.org\",\"@graph\":[{\"@type\":\"WebPage\",\"@id\":\"http:\/\/www.colorlatina.org\/event\/3358\/\",\"url\":\"http:\/\/www.colorlatina.org\/event\/3358\/\",\"name\":\"Celebrate 25 years of Reproductive Justice with us! - COLOR Latina\",\"isPartOf\":{\"@id\":\"https:\/\/www.colorlatina.org\/#website\"},\"primaryImageOfPage\":{\"@id\":\"http:\/\/www.colorlatina.org\/event\/3358\/#primaryimage\"},\"image\":{\"@id\":\"http:\/\/www.colorlatina.org\/event\/3358\/#primaryimage\"},\"thumbnailUrl\":\"https:\/\/www.colorlatina.org\/wp-content\/uploads\/2023\/03\/COLORxLiberalJane-Illustration.png\",\"datePublished\":\"2023-02-02T17:37:41+00:00\",\"dateModified\":\"2023-04-19T20:24:01+00:00\",\"breadcrumb\":{\"@id\":\"http:\/\/www.colorlatina.org\/event\/3358\/#breadcrumb\"},\"inLanguage\":\"es\",\"potentialAction\":[{\"@type\":\"ReadAction\",\"target\":[\"http:\/\/www.colorlatina.org\/event\/3358\/\"]}]},{\"@type\":\"ImageObject\",\"inLanguage\":\"es\",\"@id\":\"http:\/\/www.colorlatina.org\/event\/3358\/#primaryimage\",\"url\":\"https:\/\/www.colorlatina.org\/wp-content\/uploads\/2023\/03\/COLORxLiberalJane-Illustration.png\",\"contentUrl\":\"https:\/\/www.colorlatina.org\/wp-content\/uploads\/2023\/03\/COLORxLiberalJane-Illustration.png\",\"width\":3300,\"height\":2550},{\"@type\":\"BreadcrumbList\",\"@id\":\"http:\/\/www.colorlatina.org\/event\/3358\/#breadcrumb\",\"itemListElement\":[{\"@type\":\"ListItem\",\"position\":1,\"name\":\"Home\",\"item\":\"https:\/\/www.colorlatina.org\/\"},{\"@type\":\"ListItem\",\"position\":2,\"name\":\"Eventos\",\"item\":\"https:\/\/www.colorlatina.org\/es\/events\/\"},{\"@type\":\"ListItem\",\"position\":3,\"name\":\"Celebrate 25 years of Reproductive Justice with us!\"}]},{\"@type\":\"WebSite\",\"@id\":\"https:\/\/www.colorlatina.org\/#website\",\"url\":\"https:\/\/www.colorlatina.org\/\",\"name\":\"COLOR Latina\",\"description\":\"\",\"publisher\":{\"@id\":\"https:\/\/www.colorlatina.org\/#organization\"},\"potentialAction\":[{\"@type\":\"SearchAction\",\"target\":{\"@type\":\"EntryPoint\",\"urlTemplate\":\"https:\/\/www.colorlatina.org\/?s={search_term_string}\"},\"query-input\":{\"@type\":\"PropertyValueSpecification\",\"valueRequired\":true,\"valueName\":\"search_term_string\"}}],\"inLanguage\":\"es\"},{\"@type\":\"Organization\",\"@id\":\"https:\/\/www.colorlatina.org\/#organization\",\"name\":\"COLOR Latina\",\"url\":\"https:\/\/www.colorlatina.org\/\",\"logo\":{\"@type\":\"ImageObject\",\"inLanguage\":\"es\",\"@id\":\"https:\/\/www.colorlatina.org\/#\/schema\/logo\/image\/\",\"url\":\"https:\/\/live-color-latina.pantheonsite.io\/wp-content\/uploads\/2022\/04\/color-latina-fb.jpg\",\"contentUrl\":\"https:\/\/live-color-latina.pantheonsite.io\/wp-content\/uploads\/2022\/04\/color-latina-fb.jpg\",\"width\":1200,\"height\":630,\"caption\":\"COLOR Latina\"},\"image\":{\"@id\":\"https:\/\/www.colorlatina.org\/#\/schema\/logo\/image\/\"}}]}<\/script>\n<!-- \/ Yoast SEO plugin. -->","yoast_head_json":{"title":"Celebrate 25 years of Reproductive Justice with us! - COLOR Latina","robots":{"index":"index","follow":"follow","max-snippet":"max-snippet:-1","max-image-preview":"max-image-preview:large","max-video-preview":"max-video-preview:-1"},"canonical":"http:\/\/www.colorlatina.org\/es\/event\/3358\/","og_locale":"es_MX","og_type":"article","og_title":"Celebrate 25 years of Reproductive Justice with us! - COLOR Latina","og_description":"Ticket sales are officially closed for this event! You can click here and still become a sponsor or make a donation to COLOR today. On April 27, 2023, we will [&hellip;]","og_url":"http:\/\/www.colorlatina.org\/es\/event\/3358\/","og_site_name":"COLOR Latina","article_modified_time":"2023-04-19T20:24:01+00:00","og_image":[{"width":1024,"height":791,"url":"http:\/\/www.colorlatina.org\/wp-content\/uploads\/2023\/03\/COLORxLiberalJane-Illustration-1024x791.png","type":"image\/png"}],"twitter_card":"summary_large_image","twitter_misc":{"Tiempo de lectura":"6 minutos"},"schema":{"@context":"https:\/\/schema.org","@graph":[{"@type":"WebPage","@id":"http:\/\/www.colorlatina.org\/event\/3358\/","url":"http:\/\/www.colorlatina.org\/event\/3358\/","name":"Celebrate 25 years of Reproductive Justice with us! - COLOR Latina","isPartOf":{"@id":"https:\/\/www.colorlatina.org\/#website"},"primaryImageOfPage":{"@id":"http:\/\/www.colorlatina.org\/event\/3358\/#primaryimage"},"image":{"@id":"http:\/\/www.colorlatina.org\/event\/3358\/#primaryimage"},"thumbnailUrl":"https:\/\/www.colorlatina.org\/wp-content\/uploads\/2023\/03\/COLORxLiberalJane-Illustration.png","datePublished":"2023-02-02T17:37:41+00:00","dateModified":"2023-04-19T20:24:01+00:00","breadcrumb":{"@id":"http:\/\/www.colorlatina.org\/event\/3358\/#breadcrumb"},"inLanguage":"es","potentialAction":[{"@type":"ReadAction","target":["http:\/\/www.colorlatina.org\/event\/3358\/"]}]},{"@type":"ImageObject","inLanguage":"es","@id":"http:\/\/www.colorlatina.org\/event\/3358\/#primaryimage","url":"https:\/\/www.colorlatina.org\/wp-content\/uploads\/2023\/03\/COLORxLiberalJane-Illustration.png","contentUrl":"https:\/\/www.colorlatina.org\/wp-content\/uploads\/2023\/03\/COLORxLiberalJane-Illustration.png","width":3300,"height":2550},{"@type":"BreadcrumbList","@id":"http:\/\/www.colorlatina.org\/event\/3358\/#breadcrumb","itemListElement":[{"@type":"ListItem","position":1,"name":"Home","item":"https:\/\/www.colorlatina.org\/"},{"@type":"ListItem","position":2,"name":"Eventos","item":"https:\/\/www.colorlatina.org\/es\/events\/"},{"@type":"ListItem","position":3,"name":"Celebrate 25 years of Reproductive Justice with us!"}]},{"@type":"WebSite","@id":"https:\/\/www.colorlatina.org\/#website","url":"https:\/\/www.colorlatina.org\/","name":"COLOR Latina","description":"","publisher":{"@id":"https:\/\/www.colorlatina.org\/#organization"},"potentialAction":[{"@type":"SearchAction","target":{"@type":"EntryPoint","urlTemplate":"https:\/\/www.colorlatina.org\/?s={search_term_string}"},"query-input":{"@type":"PropertyValueSpecification","valueRequired":true,"valueName":"search_term_string"}}],"inLanguage":"es"},{"@type":"Organization","@id":"https:\/\/www.colorlatina.org\/#organization","name":"COLOR Latina","url":"https:\/\/www.colorlatina.org\/","logo":{"@type":"ImageObject","inLanguage":"es","@id":"https:\/\/www.colorlatina.org\/#\/schema\/logo\/image\/","url":"https:\/\/live-color-latina.pantheonsite.io\/wp-content\/uploads\/2022\/04\/color-latina-fb.jpg","contentUrl":"https:\/\/live-color-latina.pantheonsite.io\/wp-content\/uploads\/2022\/04\/color-latina-fb.jpg","width":1200,"height":630,"caption":"COLOR Latina"},"image":{"@id":"https:\/\/www.colorlatina.org\/#\/schema\/logo\/image\/"}}]}},"_links":{"self":[{"href":"https:\/\/www.colorlatina.org\/es\/wp-json\/wp\/v2\/tribe_events\/3358","targetHints":{"allow":["GET"]}}],"collection":[{"href":"https:\/\/www.colorlatina.org\/es\/wp-json\/wp\/v2\/tribe_events"}],"about":[{"href":"https:\/\/www.colorlatina.org\/es\/wp-json\/wp\/v2\/types\/tribe_events"}],"author":[{"embeddable":true,"href":"https:\/\/www.colorlatina.org\/es\/wp-json\/wp\/v2\/users\/1"}],"version-history":[{"count":11,"href":"https:\/\/www.colorlatina.org\/es\/wp-json\/wp\/v2\/tribe_events\/3358\/revisions"}],"predecessor-version":[{"id":3599,"href":"https:\/\/www.colorlatina.org\/es\/wp-json\/wp\/v2\/tribe_events\/3358\/revisions\/3599"}],"wp:featuredmedia":[{"embeddable":true,"href":"https:\/\/www.colorlatina.org\/es\/wp-json\/wp\/v2\/media\/3429"}],"wp:attachment":[{"href":"https:\/\/www.colorlatina.org\/es\/wp-json\/wp\/v2\/media?parent=3358"}],"wp:term":[{"taxonomy":"post_tag","embeddable":true,"href":"https:\/\/www.colorlatina.org\/es\/wp-json\/wp\/v2\/tags?post=3358"},{"taxonomy":"tribe_events_cat","embeddable":true,"href":"https:\/\/www.colorlatina.org\/es\/wp-json\/wp\/v2\/tribe_events_cat?post=3358"}],"curies":[{"name":"wp","href":"https:\/\/api.w.org\/{rel}","templated":true}]}}