{"id":4076,"date":"2024-01-19T17:19:24","date_gmt":"2024-01-20T00:19:24","guid":{"rendered":"https:\/\/www.colorlatina.org\/?post_type=tribe_events&#038;p=4076"},"modified":"2024-01-22T10:22:14","modified_gmt":"2024-01-22T17:22:14","slug":"coloradans-for-reproductive-freedom-campaign-launch-%f0%9f%9a%80","status":"publish","type":"tribe_events","link":"https:\/\/www.colorlatina.org\/es\/event\/coloradans-for-reproductive-freedom-campaign-launch-%f0%9f%9a%80\/","title":{"rendered":"\u00a1Lanzamiento de la campa\u00f1a &quot;Coloradenses por la Protecci\u00f3n de la Libertad Reproductiva&quot;!"},"content":{"rendered":"<p>Colorado, estamos luchando para garantizar que el aborto est\u00e9 protegido de la interferencia del gobierno en Colorado a trav\u00e9s de las elecciones de 2024.<\/p>\n<p><span style=\"font-weight: 400;\">Juntos con la Coalici\u00f3n de Salud Reproductiva, Derechos y Justicia de Colorado, lanzamos la <\/span><i><span style=\"font-weight: 400;\"><a href=\"https:\/\/coloradansforreproductivefreedom.com\/\">Colorados por la protecci\u00f3n de la libertad reproductiva<\/a><\/span><\/i><span style=\"font-weight: 400;\">campa\u00f1a <\/span><span style=\"font-weight: 400;\">para<\/span><span style=\"font-weight: 400;\"> Consagrar el derecho al aborto en la ley estatal. Esta medida electoral es un paso crucial para garantizar que todas las personas en Colorado, independientemente de su identidad, lugar de trabajo y sus ingresos, puedan acceder a servicios esenciales de salud reproductiva, como el aborto.\u00a0<\/span><\/p>\n<p><span style=\"font-weight: 400;\">Usted lo dijo y nosotros escuchamos.<\/span> <b>Usted cree en un futuro donde la atenci\u00f3n del aborto sea accesible para todos aquellos que la necesiten.<\/b><span style=\"font-weight: 400;\"> Y vamos a lograrlo. Esta enmienda constitucional proteger\u00e1 el derecho al aborto y servir\u00e1 como protecci\u00f3n contra futuros intentos de los actores antiabortistas nacionales de limitar el acceso al aborto en Colorado.\u00a0<\/span><\/p>\n<p><span style=\"font-weight: 400;\">As\u00ed es la Justicia Reproductiva y queremos que te unas a nosotros en los eventos de lanzamiento de la campa\u00f1a en todo el estado:\u00a0<\/span><\/p>\n<ul>\n<li><a href=\"https:\/\/click.everyaction.com\/k\/77297758\/449997574\/2006885194?emci=6d6cb942-aab4-ee11-bea1-0022482237da&amp;emdi=ea000000-0000-0000-0000-000000000001&amp;ceid=&amp;nvep=ew0KICAiVGVuYW50VXJpIjogIm5ncHZhbjovL3Zhbi9BVi9BVjAwMS8xLzgxNzA5IiwNCiAgIkRpc3RyaWJ1dGlvblVuaXF1ZUlkIjogIjZkYWM0ZWZmLTIyYjYtZWUxMS1iZWExLTAwMjI0ODIyMzdkYSIsDQogICJFbWFpbEFkZHJlc3MiOiAiYXVyZWFAY29sb3JsYXRpbmEub3JnIg0KfQ%3D%3D&amp;hmac=abpkf_3pyErfw7c-Q5bGCm9OnkdLkdyOpE7IBTgeM1g=\" target=\"_blank\" rel=\"noopener\" data-saferedirecturl=\"https:\/\/www.google.com\/url?q=https:\/\/click.everyaction.com\/k\/77297758\/449997574\/2006885194?emci%3D6d6cb942-aab4-ee11-bea1-0022482237da%26emdi%3Dea000000-0000-0000-0000-000000000001%26ceid%3D%26nvep%3Dew0KICAiVGVuYW50VXJpIjogIm5ncHZhbjovL3Zhbi9BVi9BVjAwMS8xLzgxNzA5IiwNCiAgIkRpc3RyaWJ1dGlvblVuaXF1ZUlkIjogIjZkYWM0ZWZmLTIyYjYtZWUxMS1iZWExLTAwMjI0ODIyMzdkYSIsDQogICJFbWFpbEFkZHJlc3MiOiAiYXVyZWFAY29sb3JsYXRpbmEub3JnIg0KfQ%253D%253D%26hmac%3Dabpkf_3pyErfw7c-Q5bGCm9OnkdLkdyOpE7IBTgeM1g%3D&amp;source=gmail&amp;ust=1705795300614000&amp;usg=AOvVaw1zpIEpgC4jRkCTjuxfdTWb\"><strong>Lanzamiento en Denver<\/strong><\/a>:Lunes 22 de enero, de 12 p. m. a 2 p. m. en el Capitolio del Estado de Colorado, 200 E Colfax Ave, Denver, CO 80203<\/li>\n<li><a href=\"https:\/\/click.everyaction.com\/k\/77297759\/449997575\/52238309?emci=6d6cb942-aab4-ee11-bea1-0022482237da&amp;emdi=ea000000-0000-0000-0000-000000000001&amp;ceid=&amp;nvep=ew0KICAiVGVuYW50VXJpIjogIm5ncHZhbjovL3Zhbi9BVi9BVjAwMS8xLzgxNzA5IiwNCiAgIkRpc3RyaWJ1dGlvblVuaXF1ZUlkIjogIjZkYWM0ZWZmLTIyYjYtZWUxMS1iZWExLTAwMjI0ODIyMzdkYSIsDQogICJFbWFpbEFkZHJlc3MiOiAiYXVyZWFAY29sb3JsYXRpbmEub3JnIg0KfQ%3D%3D&amp;hmac=abpkf_3pyErfw7c-Q5bGCm9OnkdLkdyOpE7IBTgeM1g=\" target=\"_blank\" rel=\"noopener\" data-saferedirecturl=\"https:\/\/www.google.com\/url?q=https:\/\/click.everyaction.com\/k\/77297759\/449997575\/52238309?emci%3D6d6cb942-aab4-ee11-bea1-0022482237da%26emdi%3Dea000000-0000-0000-0000-000000000001%26ceid%3D%26nvep%3Dew0KICAiVGVuYW50VXJpIjogIm5ncHZhbjovL3Zhbi9BVi9BVjAwMS8xLzgxNzA5IiwNCiAgIkRpc3RyaWJ1dGlvblVuaXF1ZUlkIjogIjZkYWM0ZWZmLTIyYjYtZWUxMS1iZWExLTAwMjI0ODIyMzdkYSIsDQogICJFbWFpbEFkZHJlc3MiOiAiYXVyZWFAY29sb3JsYXRpbmEub3JnIg0KfQ%253D%253D%26hmac%3Dabpkf_3pyErfw7c-Q5bGCm9OnkdLkdyOpE7IBTgeM1g%3D&amp;source=gmail&amp;ust=1705795300614000&amp;usg=AOvVaw2NGHUnfEXEU_4qV0LVDXV1\"><strong>Lanzamiento de Grand Junction<\/strong><\/a>:Martes 23 de enero, de 6 p. m. a 8 p. m. en el Mesa Theater, 538 Main St, Grand Junction, CO 81501<\/li>\n<li><a href=\"https:\/\/click.everyaction.com\/k\/77297760\/449997576\/434575327?emci=6d6cb942-aab4-ee11-bea1-0022482237da&amp;emdi=ea000000-0000-0000-0000-000000000001&amp;ceid=&amp;nvep=ew0KICAiVGVuYW50VXJpIjogIm5ncHZhbjovL3Zhbi9BVi9BVjAwMS8xLzgxNzA5IiwNCiAgIkRpc3RyaWJ1dGlvblVuaXF1ZUlkIjogIjZkYWM0ZWZmLTIyYjYtZWUxMS1iZWExLTAwMjI0ODIyMzdkYSIsDQogICJFbWFpbEFkZHJlc3MiOiAiYXVyZWFAY29sb3JsYXRpbmEub3JnIg0KfQ%3D%3D&amp;hmac=abpkf_3pyErfw7c-Q5bGCm9OnkdLkdyOpE7IBTgeM1g=\" target=\"_blank\" rel=\"noopener\" data-saferedirecturl=\"https:\/\/www.google.com\/url?q=https:\/\/click.everyaction.com\/k\/77297760\/449997576\/434575327?emci%3D6d6cb942-aab4-ee11-bea1-0022482237da%26emdi%3Dea000000-0000-0000-0000-000000000001%26ceid%3D%26nvep%3Dew0KICAiVGVuYW50VXJpIjogIm5ncHZhbjovL3Zhbi9BVi9BVjAwMS8xLzgxNzA5IiwNCiAgIkRpc3RyaWJ1dGlvblVuaXF1ZUlkIjogIjZkYWM0ZWZmLTIyYjYtZWUxMS1iZWExLTAwMjI0ODIyMzdkYSIsDQogICJFbWFpbEFkZHJlc3MiOiAiYXVyZWFAY29sb3JsYXRpbmEub3JnIg0KfQ%253D%253D%26hmac%3Dabpkf_3pyErfw7c-Q5bGCm9OnkdLkdyOpE7IBTgeM1g%3D&amp;source=gmail&amp;ust=1705795300614000&amp;usg=AOvVaw17ZURuGuE8PYXl2PwojGkb\"><strong>Lanzamiento de Pueblo<\/strong><\/a>:Martes 23 de enero, de 5 p. m. a 7 p. m. en Blo Back Art Gallery, 131 Spring St, Pueblo, CO 81003<\/li>\n<li><a href=\"https:\/\/click.everyaction.com\/k\/77297762\/449997578\/-1904076831?emci=6d6cb942-aab4-ee11-bea1-0022482237da&amp;emdi=ea000000-0000-0000-0000-000000000001&amp;ceid=&amp;nvep=ew0KICAiVGVuYW50VXJpIjogIm5ncHZhbjovL3Zhbi9BVi9BVjAwMS8xLzgxNzA5IiwNCiAgIkRpc3RyaWJ1dGlvblVuaXF1ZUlkIjogIjZkYWM0ZWZmLTIyYjYtZWUxMS1iZWExLTAwMjI0ODIyMzdkYSIsDQogICJFbWFpbEFkZHJlc3MiOiAiYXVyZWFAY29sb3JsYXRpbmEub3JnIg0KfQ%3D%3D&amp;hmac=abpkf_3pyErfw7c-Q5bGCm9OnkdLkdyOpE7IBTgeM1g=\" target=\"_blank\" rel=\"noopener\" data-saferedirecturl=\"https:\/\/www.google.com\/url?q=https:\/\/click.everyaction.com\/k\/77297762\/449997578\/-1904076831?emci%3D6d6cb942-aab4-ee11-bea1-0022482237da%26emdi%3Dea000000-0000-0000-0000-000000000001%26ceid%3D%26nvep%3Dew0KICAiVGVuYW50VXJpIjogIm5ncHZhbjovL3Zhbi9BVi9BVjAwMS8xLzgxNzA5IiwNCiAgIkRpc3RyaWJ1dGlvblVuaXF1ZUlkIjogIjZkYWM0ZWZmLTIyYjYtZWUxMS1iZWExLTAwMjI0ODIyMzdkYSIsDQogICJFbWFpbEFkZHJlc3MiOiAiYXVyZWFAY29sb3JsYXRpbmEub3JnIg0KfQ%253D%253D%26hmac%3Dabpkf_3pyErfw7c-Q5bGCm9OnkdLkdyOpE7IBTgeM1g%3D&amp;source=gmail&amp;ust=1705795300614000&amp;usg=AOvVaw2-pdcProPmWvGV10a7GgYd\"><strong>Lanzamiento de Greeley<\/strong><\/a>:Jueves 25 de enero, de 6 p. m. a 8 p. m. en Margie&#039;s Java Joint, 931 16th St, Greeley, CO 80631<\/li>\n<\/ul>","protected":false},"excerpt":{"rendered":"<p>Colorado, luchamos para garantizar que el aborto est\u00e9 protegido de la interferencia del gobierno en Colorado hasta las elecciones de 2024. Junto con la Coalici\u00f3n de Salud Reproductiva, Derechos y Justicia de Colorado, lanzamos [\u2026]<\/p>","protected":false},"author":1,"featured_media":4077,"template":"","meta":{"_tribe_events_status":"","_tribe_events_status_reason":"","_tribe_events_is_hybrid":"","_tribe_events_is_virtual":"","_tribe_events_virtual_video_source":"","_tribe_events_virtual_embed_video":"","_tribe_events_virtual_linked_button_text":"","_tribe_events_virtual_linked_button":"","_tribe_events_virtual_show_embed_at":"","_tribe_events_virtual_show_embed_to":[],"_tribe_events_virtual_show_on_event":"","_tribe_events_virtual_show_on_views":"","_tribe_events_virtual_url":"","footnotes":""},"tags":[],"tribe_events_cat":[],"class_list":["post-4076","tribe_events","type-tribe_events","status-publish","has-post-thumbnail","hentry"],"yoast_head":"<!-- This site is optimized with the Yoast SEO plugin v26.0 - https:\/\/yoast.com\/wordpress\/plugins\/seo\/ -->\n<title>Coloradans for Protecting Reproductive Freedom Campaign Launch! \ud83d\ude80 - COLOR Latina<\/title>\n<meta name=\"robots\" content=\"index, follow, max-snippet:-1, max-image-preview:large, max-video-preview:-1\" \/>\n<link rel=\"canonical\" href=\"https:\/\/www.colorlatina.org\/es\/event\/coloradans-for-reproductive-freedom-campaign-launch-\ud83d\ude80\/\" \/>\n<meta property=\"og:locale\" content=\"es_MX\" \/>\n<meta property=\"og:type\" content=\"article\" \/>\n<meta property=\"og:title\" content=\"Coloradans for Protecting Reproductive Freedom Campaign Launch! \ud83d\ude80 - COLOR Latina\" \/>\n<meta property=\"og:description\" content=\"Colorado, we\u2019re fighting to ensure abortion is protected from government interference in Colorado through the 2024 ballot. Together, with the Colorado Reproductive Health, Rights, and Justice Coalition, we launched the [&hellip;]\" \/>\n<meta property=\"og:url\" content=\"https:\/\/www.colorlatina.org\/es\/event\/coloradans-for-reproductive-freedom-campaign-launch-\ud83d\ude80\/\" \/>\n<meta property=\"og:site_name\" content=\"COLOR Latina\" \/>\n<meta property=\"article:modified_time\" content=\"2024-01-22T17:22:14+00:00\" \/>\n<meta property=\"og:image\" content=\"https:\/\/www.colorlatina.org\/wp-content\/uploads\/2024\/01\/Screenshot-2024-01-19-at-1.41.46\u202fAM.png\" \/>\n\t<meta property=\"og:image:width\" content=\"1590\" \/>\n\t<meta property=\"og:image:height\" content=\"1056\" \/>\n\t<meta property=\"og:image:type\" content=\"image\/png\" \/>\n<meta name=\"twitter:card\" content=\"summary_large_image\" \/>\n<meta name=\"twitter:label1\" content=\"Tiempo de lectura\" \/>\n\t<meta name=\"twitter:data1\" content=\"2 minutos\" \/>\n<script type=\"application\/ld+json\" class=\"yoast-schema-graph\">{\"@context\":\"https:\/\/schema.org\",\"@graph\":[{\"@type\":\"WebPage\",\"@id\":\"https:\/\/www.colorlatina.org\/event\/coloradans-for-reproductive-freedom-campaign-launch-%f0%9f%9a%80\/\",\"url\":\"https:\/\/www.colorlatina.org\/event\/coloradans-for-reproductive-freedom-campaign-launch-%f0%9f%9a%80\/\",\"name\":\"Coloradans for Protecting Reproductive Freedom Campaign Launch! \ud83d\ude80 - COLOR Latina\",\"isPartOf\":{\"@id\":\"https:\/\/www.colorlatina.org\/#website\"},\"primaryImageOfPage\":{\"@id\":\"https:\/\/www.colorlatina.org\/event\/coloradans-for-reproductive-freedom-campaign-launch-%f0%9f%9a%80\/#primaryimage\"},\"image\":{\"@id\":\"https:\/\/www.colorlatina.org\/event\/coloradans-for-reproductive-freedom-campaign-launch-%f0%9f%9a%80\/#primaryimage\"},\"thumbnailUrl\":\"https:\/\/www.colorlatina.org\/wp-content\/uploads\/2024\/01\/Screenshot-2024-01-19-at-1.41.46\u202fAM.png\",\"datePublished\":\"2024-01-20T00:19:24+00:00\",\"dateModified\":\"2024-01-22T17:22:14+00:00\",\"breadcrumb\":{\"@id\":\"https:\/\/www.colorlatina.org\/event\/coloradans-for-reproductive-freedom-campaign-launch-%f0%9f%9a%80\/#breadcrumb\"},\"inLanguage\":\"es\",\"potentialAction\":[{\"@type\":\"ReadAction\",\"target\":[\"https:\/\/www.colorlatina.org\/event\/coloradans-for-reproductive-freedom-campaign-launch-%f0%9f%9a%80\/\"]}]},{\"@type\":\"ImageObject\",\"inLanguage\":\"es\",\"@id\":\"https:\/\/www.colorlatina.org\/event\/coloradans-for-reproductive-freedom-campaign-launch-%f0%9f%9a%80\/#primaryimage\",\"url\":\"https:\/\/www.colorlatina.org\/wp-content\/uploads\/2024\/01\/Screenshot-2024-01-19-at-1.41.46\u202fAM.png\",\"contentUrl\":\"https:\/\/www.colorlatina.org\/wp-content\/uploads\/2024\/01\/Screenshot-2024-01-19-at-1.41.46\u202fAM.png\",\"width\":1590,\"height\":1056},{\"@type\":\"BreadcrumbList\",\"@id\":\"https:\/\/www.colorlatina.org\/event\/coloradans-for-reproductive-freedom-campaign-launch-%f0%9f%9a%80\/#breadcrumb\",\"itemListElement\":[{\"@type\":\"ListItem\",\"position\":1,\"name\":\"Home\",\"item\":\"https:\/\/www.colorlatina.org\/\"},{\"@type\":\"ListItem\",\"position\":2,\"name\":\"Eventos\",\"item\":\"https:\/\/www.colorlatina.org\/es\/events\/\"},{\"@type\":\"ListItem\",\"position\":3,\"name\":\"Coloradans for Protecting Reproductive Freedom Campaign Launch! \ud83d\ude80\"}]},{\"@type\":\"WebSite\",\"@id\":\"https:\/\/www.colorlatina.org\/#website\",\"url\":\"https:\/\/www.colorlatina.org\/\",\"name\":\"COLOR Latina\",\"description\":\"\",\"publisher\":{\"@id\":\"https:\/\/www.colorlatina.org\/#organization\"},\"potentialAction\":[{\"@type\":\"SearchAction\",\"target\":{\"@type\":\"EntryPoint\",\"urlTemplate\":\"https:\/\/www.colorlatina.org\/?s={search_term_string}\"},\"query-input\":{\"@type\":\"PropertyValueSpecification\",\"valueRequired\":true,\"valueName\":\"search_term_string\"}}],\"inLanguage\":\"es\"},{\"@type\":\"Organization\",\"@id\":\"https:\/\/www.colorlatina.org\/#organization\",\"name\":\"COLOR Latina\",\"url\":\"https:\/\/www.colorlatina.org\/\",\"logo\":{\"@type\":\"ImageObject\",\"inLanguage\":\"es\",\"@id\":\"https:\/\/www.colorlatina.org\/#\/schema\/logo\/image\/\",\"url\":\"https:\/\/live-color-latina.pantheonsite.io\/wp-content\/uploads\/2022\/04\/color-latina-fb.jpg\",\"contentUrl\":\"https:\/\/live-color-latina.pantheonsite.io\/wp-content\/uploads\/2022\/04\/color-latina-fb.jpg\",\"width\":1200,\"height\":630,\"caption\":\"COLOR Latina\"},\"image\":{\"@id\":\"https:\/\/www.colorlatina.org\/#\/schema\/logo\/image\/\"}}]}<\/script>\n<!-- \/ Yoast SEO plugin. -->","yoast_head_json":{"title":"\u00a1Lanzamiento de la campa\u00f1a &quot;Coloradenses por la Protecci\u00f3n de la Libertad Reproductiva&quot;! \ud83d\ude80 - COLOR Latina","robots":{"index":"index","follow":"follow","max-snippet":"max-snippet:-1","max-image-preview":"max-image-preview:large","max-video-preview":"max-video-preview:-1"},"canonical":"https:\/\/www.colorlatina.org\/es\/event\/coloradans-for-reproductive-freedom-campaign-launch-\ud83d\ude80\/","og_locale":"es_MX","og_type":"article","og_title":"Coloradans for Protecting Reproductive Freedom Campaign Launch! \ud83d\ude80 - COLOR Latina","og_description":"Colorado, we\u2019re fighting to ensure abortion is protected from government interference in Colorado through the 2024 ballot. Together, with the Colorado Reproductive Health, Rights, and Justice Coalition, we launched the [&hellip;]","og_url":"https:\/\/www.colorlatina.org\/es\/event\/coloradans-for-reproductive-freedom-campaign-launch-\ud83d\ude80\/","og_site_name":"COLOR Latina","article_modified_time":"2024-01-22T17:22:14+00:00","og_image":[{"width":1590,"height":1056,"url":"https:\/\/www.colorlatina.org\/wp-content\/uploads\/2024\/01\/Screenshot-2024-01-19-at-1.41.46\u202fAM.png","type":"image\/png"}],"twitter_card":"summary_large_image","twitter_misc":{"Tiempo de lectura":"2 minutos"},"schema":{"@context":"https:\/\/schema.org","@graph":[{"@type":"WebPage","@id":"https:\/\/www.colorlatina.org\/event\/coloradans-for-reproductive-freedom-campaign-launch-%f0%9f%9a%80\/","url":"https:\/\/www.colorlatina.org\/event\/coloradans-for-reproductive-freedom-campaign-launch-%f0%9f%9a%80\/","name":"\u00a1Lanzamiento de la campa\u00f1a &quot;Coloradenses por la Protecci\u00f3n de la Libertad Reproductiva&quot;! \ud83d\ude80 - COLOR Latina","isPartOf":{"@id":"https:\/\/www.colorlatina.org\/#website"},"primaryImageOfPage":{"@id":"https:\/\/www.colorlatina.org\/event\/coloradans-for-reproductive-freedom-campaign-launch-%f0%9f%9a%80\/#primaryimage"},"image":{"@id":"https:\/\/www.colorlatina.org\/event\/coloradans-for-reproductive-freedom-campaign-launch-%f0%9f%9a%80\/#primaryimage"},"thumbnailUrl":"https:\/\/www.colorlatina.org\/wp-content\/uploads\/2024\/01\/Screenshot-2024-01-19-at-1.41.46\u202fAM.png","datePublished":"2024-01-20T00:19:24+00:00","dateModified":"2024-01-22T17:22:14+00:00","breadcrumb":{"@id":"https:\/\/www.colorlatina.org\/event\/coloradans-for-reproductive-freedom-campaign-launch-%f0%9f%9a%80\/#breadcrumb"},"inLanguage":"es","potentialAction":[{"@type":"ReadAction","target":["https:\/\/www.colorlatina.org\/event\/coloradans-for-reproductive-freedom-campaign-launch-%f0%9f%9a%80\/"]}]},{"@type":"ImageObject","inLanguage":"es","@id":"https:\/\/www.colorlatina.org\/event\/coloradans-for-reproductive-freedom-campaign-launch-%f0%9f%9a%80\/#primaryimage","url":"https:\/\/www.colorlatina.org\/wp-content\/uploads\/2024\/01\/Screenshot-2024-01-19-at-1.41.46\u202fAM.png","contentUrl":"https:\/\/www.colorlatina.org\/wp-content\/uploads\/2024\/01\/Screenshot-2024-01-19-at-1.41.46\u202fAM.png","width":1590,"height":1056},{"@type":"BreadcrumbList","@id":"https:\/\/www.colorlatina.org\/event\/coloradans-for-reproductive-freedom-campaign-launch-%f0%9f%9a%80\/#breadcrumb","itemListElement":[{"@type":"ListItem","position":1,"name":"Home","item":"https:\/\/www.colorlatina.org\/"},{"@type":"ListItem","position":2,"name":"Eventos","item":"https:\/\/www.colorlatina.org\/es\/events\/"},{"@type":"ListItem","position":3,"name":"Coloradans for Protecting Reproductive Freedom Campaign Launch! \ud83d\ude80"}]},{"@type":"WebSite","@id":"https:\/\/www.colorlatina.org\/#website","url":"https:\/\/www.colorlatina.org\/","name":"COLOR Latina","description":"","publisher":{"@id":"https:\/\/www.colorlatina.org\/#organization"},"potentialAction":[{"@type":"SearchAction","target":{"@type":"EntryPoint","urlTemplate":"https:\/\/www.colorlatina.org\/?s={search_term_string}"},"query-input":{"@type":"PropertyValueSpecification","valueRequired":true,"valueName":"search_term_string"}}],"inLanguage":"es"},{"@type":"Organization","@id":"https:\/\/www.colorlatina.org\/#organization","name":"COLOR Latina","url":"https:\/\/www.colorlatina.org\/","logo":{"@type":"ImageObject","inLanguage":"es","@id":"https:\/\/www.colorlatina.org\/#\/schema\/logo\/image\/","url":"https:\/\/live-color-latina.pantheonsite.io\/wp-content\/uploads\/2022\/04\/color-latina-fb.jpg","contentUrl":"https:\/\/live-color-latina.pantheonsite.io\/wp-content\/uploads\/2022\/04\/color-latina-fb.jpg","width":1200,"height":630,"caption":"COLOR Latina"},"image":{"@id":"https:\/\/www.colorlatina.org\/#\/schema\/logo\/image\/"}}]}},"_links":{"self":[{"href":"https:\/\/www.colorlatina.org\/es\/wp-json\/wp\/v2\/tribe_events\/4076","targetHints":{"allow":["GET"]}}],"collection":[{"href":"https:\/\/www.colorlatina.org\/es\/wp-json\/wp\/v2\/tribe_events"}],"about":[{"href":"https:\/\/www.colorlatina.org\/es\/wp-json\/wp\/v2\/types\/tribe_events"}],"author":[{"embeddable":true,"href":"https:\/\/www.colorlatina.org\/es\/wp-json\/wp\/v2\/users\/1"}],"version-history":[{"count":3,"href":"https:\/\/www.colorlatina.org\/es\/wp-json\/wp\/v2\/tribe_events\/4076\/revisions"}],"predecessor-version":[{"id":4080,"href":"https:\/\/www.colorlatina.org\/es\/wp-json\/wp\/v2\/tribe_events\/4076\/revisions\/4080"}],"wp:featuredmedia":[{"embeddable":true,"href":"https:\/\/www.colorlatina.org\/es\/wp-json\/wp\/v2\/media\/4077"}],"wp:attachment":[{"href":"https:\/\/www.colorlatina.org\/es\/wp-json\/wp\/v2\/media?parent=4076"}],"wp:term":[{"taxonomy":"post_tag","embeddable":true,"href":"https:\/\/www.colorlatina.org\/es\/wp-json\/wp\/v2\/tags?post=4076"},{"taxonomy":"tribe_events_cat","embeddable":true,"href":"https:\/\/www.colorlatina.org\/es\/wp-json\/wp\/v2\/tribe_events_cat?post=4076"}],"curies":[{"name":"wp","href":"https:\/\/api.w.org\/{rel}","templated":true}]}}